{"id":880,"date":"2024-12-02T19:12:32","date_gmt":"2024-12-02T19:12:32","guid":{"rendered":"http:\/\/pfi.agentur-reppa.de\/wordpress\/?page_id=880"},"modified":"2025-07-08T14:06:54","modified_gmt":"2025-07-08T14:06:54","slug":"gemeinnutzige-forschung","status":"publish","type":"page","link":"https:\/\/pfi-germany.de\/de\/forschung-entwicklung\/gemeinnutzige-forschung\/","title":{"rendered":"Gemeinn\u00fctzige Forschung"},"content":{"rendered":"\n<div class=\"wp-block-group alignfull .clickable-container has-white-background-color has-background has-global-padding is-layout-constrained wp-container-core-group-is-layout-5feaa46a wp-block-group-is-layout-constrained\" style=\"margin-top:0;margin-bottom:0;padding-top:var(--wp--preset--spacing--30);padding-right:var(--wp--preset--spacing--50);padding-bottom:var(--wp--preset--spacing--10);padding-left:var(--wp--preset--spacing--50)\">\n<div class=\"wp-block-columns alignwide are-vertically-aligned-center is-layout-flex wp-container-core-columns-is-layout-5c7af128 wp-block-columns-is-layout-flex\" style=\"padding-right:var(--wp--preset--spacing--50);padding-left:var(--wp--preset--spacing--50)\">\n<div class=\"wp-block-column is-vertically-aligned-center is-layout-flow wp-block-column-is-layout-flow\" style=\"flex-basis:100%\">\n<div class=\"wp-block-group is-vertical is-layout-flex wp-container-core-group-is-layout-af292921 wp-block-group-is-layout-flex\" style=\"margin-top:var(--wp--preset--spacing--20);margin-bottom:var(--wp--preset--spacing--20)\">\n<h1 class=\"wp-block-heading has-pfi-blue-color has-text-color has-link-color has-large-font-size wp-elements-8dec1fb77310fb18b3437d95facbc5cb\" style=\"margin-right:0;margin-bottom:0;margin-left:0px;line-height:1.2;writing-mode:horizontal-tb\"><strong><strong><strong>Forschung dem Menschen verbunden<\/strong><\/strong><\/strong><\/h1>\n\n\n\n<p style=\"margin-top:0;margin-bottom:0;padding-top:0;padding-right:0;padding-bottom:0;padding-left:0\">Wir sind intensiv t\u00e4tig&nbsp;im Bereich \u00f6ffentlich gef\u00f6rderter Forschungsprogramme. Unter anderem sind wir Mitglied in der AiF und der Zuse-Gemeinschaft. Genauere Einblicke in unsere Forschungsergebnisse erhalten Sie \u00fcber unseren Blog unter der Kategorie <strong><a href=\"https:\/\/pfi-germany.de\/de\/category\/forschungsprojekte\/\">Forschungsprojekte<\/a>.<\/strong><\/p>\n<\/div>\n<\/div>\n<\/div>\n<\/div>\n\n\n\n<div class=\"wp-block-group alignfull is-content-justification-center is-nowrap is-layout-flex wp-container-core-group-is-layout-16aa3971 wp-block-group-is-layout-flex\" style=\"margin-top:0;margin-bottom:0;padding-top:0;padding-bottom:0\">\n<div class=\"gradient-separator\"><\/div>\n<\/div>\n\n\n\n<div class=\"wp-block-group alignfull .clickable-container has-background has-global-padding is-layout-constrained wp-container-core-group-is-layout-23e41804 wp-block-group-is-layout-constrained\" style=\"background-color:#d7d8d936;margin-top:0;margin-bottom:0;padding-top:var(--wp--preset--spacing--30);padding-right:var(--wp--preset--spacing--50);padding-bottom:var(--wp--preset--spacing--20);padding-left:var(--wp--preset--spacing--50)\">\n<div class=\"wp-block-group alignwide is-vertical is-content-justification-center is-layout-flex wp-container-core-group-is-layout-1eeb43da wp-block-group-is-layout-flex\" style=\"margin-top:0;margin-bottom:0;padding-top:0;padding-bottom:0\">\n<h2 class=\"wp-block-heading has-text-align-center has-pfi-blue-color has-text-color has-link-color has-large-font-size wp-elements-b142a0055078263b64d8c09874bdb870\" id=\"pfipruefzeichen\" style=\"margin-top:var(--wp--preset--spacing--10);margin-bottom:var(--wp--preset--spacing--10)\">Forschungsallianzen:<\/h2>\n<\/div>\n\n\n\n<div class=\"wp-block-group alignwide has-global-padding is-layout-constrained wp-container-core-group-is-layout-f6bb40d9 wp-block-group-is-layout-constrained\" style=\"margin-top:var(--wp--preset--spacing--20);margin-bottom:var(--wp--preset--spacing--20);padding-right:0;padding-left:0\">\n<div class=\"wp-block-group alignfull has-global-padding is-layout-constrained wp-container-core-group-is-layout-c9115f92 wp-block-group-is-layout-constrained\" style=\"padding-right:var(--wp--preset--spacing--20);padding-left:var(--wp--preset--spacing--20)\">\n<details class=\"wp-block-details alignwide has-pfi-blue-color has-text-color has-link-color wp-elements-c64bc8643951dc490e91d488377198f9 is-layout-flow wp-container-core-details-is-layout-8a368f38 wp-block-details-is-layout-flow\"><summary><strong><strong><strong><strong><strong>AiF &#8211; Forschungsnetzwerk Mittelstand<\/strong><\/strong><\/strong><\/strong><\/strong><\/summary>\n<div class=\"wp-block-columns alignwide is-layout-flex wp-container-core-columns-is-layout-8396961b wp-block-columns-is-layout-flex\" style=\"padding-right:0;padding-left:0\">\n<div class=\"wp-block-column is-vertically-aligned-center is-layout-flow wp-block-column-is-layout-flow\" style=\"flex-basis:100%\">\n<div class=\"wp-block-group has-global-padding is-content-justification-left is-layout-constrained wp-container-core-group-is-layout-ae12a0ea wp-block-group-is-layout-constrained\" style=\"margin-top:0;margin-bottom:0;padding-top:var(--wp--preset--spacing--30);padding-right:0;padding-bottom:var(--wp--preset--spacing--30);padding-left:0\">\n<h2 class=\"wp-block-heading has-text-align-left has-pfi-blue-color has-text-color has-link-color has-large-font-size wp-elements-65a66d5a7b6a8f9762f5f122a13e3e1a\" style=\"margin-right:0;margin-bottom:0;margin-left:calc( var(--wp--preset--spacing--20) * -1);line-height:1.2;writing-mode:horizontal-tb\"><a href=\"https:\/\/www.aif.de\/index.html\" target=\"_blank\" rel=\"noreferrer noopener\"><strong>AiF &#8211; Forschungsnetzwerk Mittelstand<\/strong><\/a><\/h2>\n\n\n\n<p class=\"has-black-color has-text-color has-link-color wp-elements-2c8a8b963c1ffe57007ea69da487a23f\">Ziel der Arbeitsgemeinschaft industrieller Forschungsvereinigungen&nbsp;ist es, die Innovationsf\u00e4higkeit des Mittelstands nachhaltig zu f\u00f6rdern. Die AiF bietet eine Plattform, um Wirtschaft und Wissenschaft effizient zu verkn\u00fcpfen: 100 Forschungsvereinigungen, rund 50.000 eingebundene Unternehmen, ca. 1.200 partizipierende Institute aus allen Bereichen der Forschungslandschaft. Das&nbsp;PFI ist gleichzeitig&nbsp;Forschungsvereinigung und Forschungseinrichtung der AiF.<\/p>\n<\/div>\n<\/div>\n\n\n\n<div class=\"wp-block-column is-vertically-aligned-top is-layout-flow wp-block-column-is-layout-flow\" style=\"padding-top:var(--wp--preset--spacing--30);padding-bottom:var(--wp--preset--spacing--30);flex-basis:30%\">\n<figure class=\"wp-block-image size-full has-custom-border is-style-rounded wp-duotone-unset-2 is-style-rounded--1\"><img loading=\"lazy\" decoding=\"async\" width=\"2560\" height=\"764\" src=\"https:\/\/pfi-germany.de\/wp-content\/uploads\/2025\/04\/AiF_Logo_Relaunch_2024_Claim-rechts_CMYK-scaled.jpg\" alt=\"\" class=\"wp-image-5272\" style=\"border-radius:0px\" srcset=\"https:\/\/pfi-germany.de\/wp-content\/uploads\/2025\/04\/AiF_Logo_Relaunch_2024_Claim-rechts_CMYK-scaled.jpg 2560w, https:\/\/pfi-germany.de\/wp-content\/uploads\/2025\/04\/AiF_Logo_Relaunch_2024_Claim-rechts_CMYK-300x90.jpg 300w, https:\/\/pfi-germany.de\/wp-content\/uploads\/2025\/04\/AiF_Logo_Relaunch_2024_Claim-rechts_CMYK-1024x306.jpg 1024w, https:\/\/pfi-germany.de\/wp-content\/uploads\/2025\/04\/AiF_Logo_Relaunch_2024_Claim-rechts_CMYK-768x229.jpg 768w, https:\/\/pfi-germany.de\/wp-content\/uploads\/2025\/04\/AiF_Logo_Relaunch_2024_Claim-rechts_CMYK-50x15.jpg 50w, https:\/\/pfi-germany.de\/wp-content\/uploads\/2025\/04\/AiF_Logo_Relaunch_2024_Claim-rechts_CMYK-1600x477.jpg 1600w, https:\/\/pfi-germany.de\/wp-content\/uploads\/2025\/04\/AiF_Logo_Relaunch_2024_Claim-rechts_CMYK-1536x458.jpg 1536w, https:\/\/pfi-germany.de\/wp-content\/uploads\/2025\/04\/AiF_Logo_Relaunch_2024_Claim-rechts_CMYK-2048x611.jpg 2048w, https:\/\/pfi-germany.de\/wp-content\/uploads\/2025\/04\/AiF_Logo_Relaunch_2024_Claim-rechts_CMYK-18x5.jpg 18w\" sizes=\"auto, (max-width: 2560px) 100vw, 2560px\" \/><\/figure>\n<\/div>\n<\/div>\n<\/details>\n\n\n\n<details class=\"wp-block-details alignwide has-pfi-blue-color has-text-color has-link-color wp-elements-2ea641712836b92c30d9e3afa9097faa is-layout-flow wp-block-details-is-layout-flow\"><summary><strong><strong><strong><strong><strong>Zuse-Gemeinschaft<\/strong><\/strong><\/strong><\/strong><\/strong><\/summary>\n<div class=\"wp-block-columns alignwide is-layout-flex wp-container-core-columns-is-layout-04c499d9 wp-block-columns-is-layout-flex\" style=\"margin-top:0;margin-bottom:0;padding-right:0;padding-left:0\">\n<div class=\"wp-block-column is-vertically-aligned-center is-layout-flow wp-block-column-is-layout-flow\" style=\"flex-basis:100%\">\n<div class=\"wp-block-group has-global-padding is-content-justification-left is-layout-constrained wp-container-core-group-is-layout-ae12a0ea wp-block-group-is-layout-constrained\" style=\"margin-top:0;margin-bottom:0;padding-top:var(--wp--preset--spacing--30);padding-right:0;padding-bottom:var(--wp--preset--spacing--30);padding-left:0\">\n<h2 class=\"wp-block-heading has-text-align-left has-pfi-blue-color has-text-color has-link-color has-large-font-size wp-elements-1007c1b537a58bf2ed02689bc75af3d5\" style=\"margin-right:0;margin-bottom:0;margin-left:calc( var(--wp--preset--spacing--20) * -1);line-height:1.2;writing-mode:horizontal-tb\"><a href=\"https:\/\/www.zuse-gemeinschaft.de\" target=\"_blank\" rel=\"noreferrer noopener\"><strong>Zuse-Gemeinschaft<\/strong><\/a><\/h2>\n\n\n\n<p class=\"has-black-color has-text-color has-link-color wp-elements-c66e0bbc5d98aefca8f49dd70f32f693\">Die Zuse-Gemeinschaft vertritt die Interessen unabh\u00e4ngiger gemeinn\u00fctziger&nbsp;organisierter Forschungseinrichtungen. Dem technologie- und branchenoffenen Verband geh\u00f6ren bundesweit \u00fcber 70 Institute an. Als praxisnahe und kreative Ideengeber des deutschen Mittelstandes \u00fcbersetzen sie die Erkenntnisse der Wissenschaft in anwendbare Technologien und bereiten so den Boden f\u00fcr Innovationen, die den deutschen Mittelstand weltweit erfolgreich machen.<\/p>\n<\/div>\n<\/div>\n\n\n\n<div class=\"wp-block-column is-vertically-aligned-top is-layout-flow wp-block-column-is-layout-flow\" style=\"padding-top:var(--wp--preset--spacing--30);padding-bottom:var(--wp--preset--spacing--30);flex-basis:30%\">\n<div class=\"wp-block-group is-content-justification-left is-nowrap is-layout-flex wp-container-core-group-is-layout-fc9f69e7 wp-block-group-is-layout-flex\">\n<figure class=\"wp-block-image size-full has-custom-border is-style-rounded wp-duotone-unset-4 is-style-rounded--3\"><img loading=\"lazy\" decoding=\"async\" width=\"2147\" height=\"680\" src=\"https:\/\/pfi-germany.de\/wp-content\/uploads\/2025\/05\/Zuse_Logo_Mitglied_2024_RGB.jpg\" alt=\"\" class=\"wp-image-5313\" style=\"border-radius:0px;object-fit:cover\" srcset=\"https:\/\/pfi-germany.de\/wp-content\/uploads\/2025\/05\/Zuse_Logo_Mitglied_2024_RGB.jpg 2147w, https:\/\/pfi-germany.de\/wp-content\/uploads\/2025\/05\/Zuse_Logo_Mitglied_2024_RGB-300x95.jpg 300w, https:\/\/pfi-germany.de\/wp-content\/uploads\/2025\/05\/Zuse_Logo_Mitglied_2024_RGB-1024x324.jpg 1024w, https:\/\/pfi-germany.de\/wp-content\/uploads\/2025\/05\/Zuse_Logo_Mitglied_2024_RGB-768x243.jpg 768w, https:\/\/pfi-germany.de\/wp-content\/uploads\/2025\/05\/Zuse_Logo_Mitglied_2024_RGB-50x16.jpg 50w, https:\/\/pfi-germany.de\/wp-content\/uploads\/2025\/05\/Zuse_Logo_Mitglied_2024_RGB-1600x507.jpg 1600w, https:\/\/pfi-germany.de\/wp-content\/uploads\/2025\/05\/Zuse_Logo_Mitglied_2024_RGB-1536x486.jpg 1536w, https:\/\/pfi-germany.de\/wp-content\/uploads\/2025\/05\/Zuse_Logo_Mitglied_2024_RGB-2048x649.jpg 2048w, https:\/\/pfi-germany.de\/wp-content\/uploads\/2025\/05\/Zuse_Logo_Mitglied_2024_RGB-18x6.jpg 18w\" sizes=\"auto, (max-width: 2147px) 100vw, 2147px\" \/><\/figure>\n<\/div>\n<\/div>\n<\/div>\n<\/details>\n<\/div>\n<\/div>\n<\/div>\n\n\n\n<div class=\"wp-block-group alignfull is-content-justification-center is-nowrap is-layout-flex wp-container-core-group-is-layout-16aa3971 wp-block-group-is-layout-flex\" style=\"margin-top:0;margin-bottom:0;padding-top:0;padding-bottom:0\">\n<div class=\"gradient-separator-up\"><\/div>\n<\/div>\n\n\n\n<div class=\"wp-block-group alignfull .clickable-container has-global-padding is-layout-constrained wp-container-core-group-is-layout-23e41804 wp-block-group-is-layout-constrained\" style=\"margin-top:0;margin-bottom:0;padding-top:var(--wp--preset--spacing--30);padding-right:var(--wp--preset--spacing--50);padding-bottom:var(--wp--preset--spacing--20);padding-left:var(--wp--preset--spacing--50)\">\n<div class=\"wp-block-group alignwide is-vertical is-content-justification-center is-layout-flex wp-container-core-group-is-layout-1eeb43da wp-block-group-is-layout-flex\" style=\"margin-top:0;margin-bottom:0;padding-top:0;padding-bottom:0\">\n<h2 class=\"wp-block-heading has-text-align-center has-pfi-blue-color has-text-color has-link-color has-large-font-size wp-elements-d5f2455d1d4223edb43faa5012eeebdc\" id=\"pfipruefzeichen\" style=\"margin-top:var(--wp--preset--spacing--10);margin-bottom:var(--wp--preset--spacing--10)\">Projekttr\u00e4ger:<\/h2>\n<\/div>\n\n\n\n<div class=\"wp-block-group alignfull has-global-padding is-layout-constrained wp-container-core-group-is-layout-927e0db3 wp-block-group-is-layout-constrained\" style=\"margin-top:var(--wp--preset--spacing--30);margin-bottom:var(--wp--preset--spacing--30);padding-right:var(--wp--preset--spacing--60);padding-left:var(--wp--preset--spacing--60)\">\n<div class=\"wp-block-group alignwide has-global-padding is-layout-constrained wp-container-core-group-is-layout-c9115f92 wp-block-group-is-layout-constrained\" style=\"padding-right:var(--wp--preset--spacing--20);padding-left:var(--wp--preset--spacing--20)\">\n<details class=\"wp-block-details alignwide has-pfi-blue-color has-text-color has-link-color wp-elements-e442e4982537b66e6aacfba7793a6a80 is-layout-flow wp-block-details-is-layout-flow\"><summary><strong><strong><strong><strong><strong>Deutsches<\/strong> Zentrum<\/strong> f\u00fcr Luft- und Raumfahrt \u2013 DLR<\/strong><\/strong><\/strong><\/summary>\n<div class=\"wp-block-columns alignwide is-layout-flex wp-container-core-columns-is-layout-4c15fb38 wp-block-columns-is-layout-flex\" style=\"padding-right:0;padding-left:0\">\n<div class=\"wp-block-column is-vertically-aligned-center is-layout-flow wp-block-column-is-layout-flow\" style=\"flex-basis:100%\">\n<div class=\"wp-block-group has-global-padding is-content-justification-left is-layout-constrained wp-container-core-group-is-layout-ae12a0ea wp-block-group-is-layout-constrained\" style=\"margin-top:0;margin-bottom:0;padding-top:var(--wp--preset--spacing--30);padding-right:0;padding-bottom:var(--wp--preset--spacing--30);padding-left:0\">\n<h2 class=\"wp-block-heading has-text-align-left has-pfi-blue-color has-text-color has-link-color has-large-font-size wp-elements-62169947d877f717a8f14ccea7cd6b30\" style=\"margin-right:0;margin-bottom:0;margin-left:calc( var(--wp--preset--spacing--20) * -1);line-height:1.2;writing-mode:horizontal-tb\"><a href=\"https:\/\/www.dlr.de\/de\" target=\"_blank\" rel=\"noreferrer noopener\"><strong>Deutsches Zentrum f\u00fcr Luft- und Raumfahrt &#8211; DLR<\/strong><\/a><\/h2>\n\n\n\n<p class=\"has-black-color has-text-color has-link-color wp-elements-1a0829b8f592a0a7c1f58dc729c14708\">Das DLR ist das nationale Forschungs- und Technologiezentrum Deutschlands f\u00fcr Luft- und Raumfahrt. In seinen Schwerpunkten entwickelt es zukunftsweisende Technologien in den Bereichen Luft- und Raumfahrt, Energie, Verkehr sowie Sicherheits- und Verteidigungsforschung. Die vielf\u00e4ltigen Ergebnisse und Innovationen kommen Industrie, Wirtschaft, Beh\u00f6rden, Verwaltung und \u00f6ffentlichen Stakeholdern zugute. Mit intensivem Wissensaustausch und gezieltem Technologietransfer \u00fcbernimmt das DLR Verantwortung f\u00fcr die Gesellschaft.<\/p>\n<\/div>\n<\/div>\n\n\n\n<div class=\"wp-block-column is-vertically-aligned-top is-layout-flow wp-block-column-is-layout-flow\" style=\"padding-top:var(--wp--preset--spacing--30);padding-bottom:var(--wp--preset--spacing--30);flex-basis:30%\">\n<figure class=\"wp-block-image size-full is-resized has-custom-border is-style-rounded wp-duotone-unset-6 is-style-rounded--5\"><a href=\"https:\/\/www.dlr.de\/de\" target=\"_blank\" rel=\" noreferrer noopener\"><img loading=\"lazy\" decoding=\"async\" width=\"310\" height=\"93\" src=\"https:\/\/pfi-germany.de\/wp-content\/uploads\/2024\/12\/csm_DLR_Logo.png\" alt=\"Logo der DLR - Deutsches Zentrum f\u00fcr Luft- und Raumfahrt\" class=\"wp-image-1334\" style=\"border-radius:10px;width:214px;height:auto\" srcset=\"https:\/\/pfi-germany.de\/wp-content\/uploads\/2024\/12\/csm_DLR_Logo.png 310w, https:\/\/pfi-germany.de\/wp-content\/uploads\/2024\/12\/csm_DLR_Logo-300x90.png 300w, https:\/\/pfi-germany.de\/wp-content\/uploads\/2024\/12\/csm_DLR_Logo-50x15.png 50w\" sizes=\"auto, (max-width: 310px) 100vw, 310px\" \/><\/a><\/figure>\n<\/div>\n<\/div>\n<\/details>\n\n\n\n<details class=\"wp-block-details alignwide has-pfi-blue-color has-text-color has-link-color wp-elements-ea8039134d8fd3bc652bb634458eaa8d is-layout-flow wp-block-details-is-layout-flow\"><summary><strong><strong><strong><strong><strong>AiF Projekttr\u00e4ger GmbH<\/strong><\/strong><\/strong><\/strong><\/strong><\/summary>\n<div class=\"wp-block-columns alignwide is-layout-flex wp-container-core-columns-is-layout-4c15fb38 wp-block-columns-is-layout-flex\" style=\"padding-right:0;padding-left:0\">\n<div class=\"wp-block-column is-vertically-aligned-center is-layout-flow wp-block-column-is-layout-flow\" style=\"flex-basis:100%\">\n<div class=\"wp-block-group has-global-padding is-content-justification-left is-layout-constrained wp-container-core-group-is-layout-ae12a0ea wp-block-group-is-layout-constrained\" style=\"margin-top:0;margin-bottom:0;padding-top:var(--wp--preset--spacing--30);padding-right:0;padding-bottom:var(--wp--preset--spacing--30);padding-left:0\">\n<h2 class=\"wp-block-heading has-text-align-left has-pfi-blue-color has-text-color has-link-color has-large-font-size wp-elements-b0e24d88383869a2138d06d8f0c8ffad\" style=\"margin-right:0;margin-bottom:0;margin-left:calc( var(--wp--preset--spacing--20) * -1);line-height:1.2;writing-mode:horizontal-tb\"><a href=\"https:\/\/www.aif-projekt-gmbh.de\/index.html\" target=\"_blank\" rel=\"noreferrer noopener\"><strong>AiF Projekttr\u00e4ger GmbH<\/strong><\/a><\/h2>\n\n\n\n<p class=\"has-black-color has-text-color has-link-color wp-elements-e2e365b27d2959ae0d982f5459f5b454\">Im Mittelpunkt der T\u00e4tigkeit der AiF Projekttr\u00e4ger GmbH stehen die Projekttr\u00e4gerschaft, die Gutachtert\u00e4tigkeit und das Mentoring in innovationsf\u00f6rdernden Programmen f\u00fcr den Mittelstand auf Bundes- und L\u00e4nderebene. Zudem wird die Vernetzung von Unternehmen mit internationalen Kooperationspartnern und organisieren Veranstaltungen zu innovationsrelevanten Themen gef\u00f6rdert. Das Leistungsspektrum umfasst au\u00dferdem die Beratung \u00f6ffentlicher Auftraggeber bei der Entwicklung und Umsetzung von Innovationsf\u00f6rderma\u00dfnahmen sowie bei der effizienten Nutzung von F\u00f6rdermitteln.<\/p>\n<\/div>\n<\/div>\n\n\n\n<div class=\"wp-block-column is-vertically-aligned-top is-layout-flow wp-block-column-is-layout-flow\" style=\"padding-top:var(--wp--preset--spacing--30);padding-bottom:var(--wp--preset--spacing--30);flex-basis:30%\">\n<div class=\"wp-block-group is-content-justification-left is-nowrap is-layout-flex wp-container-core-group-is-layout-fc9f69e7 wp-block-group-is-layout-flex\">\n<figure class=\"wp-block-image size-full is-resized has-custom-border is-style-rounded wp-duotone-unset-8 is-style-rounded--7\"><a href=\"https:\/\/www.aif-projekt-gmbh.de\/index.html\" target=\"_blank\" rel=\" noreferrer noopener\"><img loading=\"lazy\" decoding=\"async\" width=\"1810\" height=\"591\" src=\"https:\/\/pfi-germany.de\/wp-content\/uploads\/2024\/12\/csm_AIF_Projekt.png\" alt=\"Logo der AiF Projekt GmbH\" class=\"wp-image-1335\" style=\"border-radius:10px;width:227px;height:auto\" srcset=\"https:\/\/pfi-germany.de\/wp-content\/uploads\/2024\/12\/csm_AIF_Projekt.png 1810w, https:\/\/pfi-germany.de\/wp-content\/uploads\/2024\/12\/csm_AIF_Projekt-300x98.png 300w, https:\/\/pfi-germany.de\/wp-content\/uploads\/2024\/12\/csm_AIF_Projekt-1024x334.png 1024w, https:\/\/pfi-germany.de\/wp-content\/uploads\/2024\/12\/csm_AIF_Projekt-768x251.png 768w, https:\/\/pfi-germany.de\/wp-content\/uploads\/2024\/12\/csm_AIF_Projekt-50x16.png 50w, https:\/\/pfi-germany.de\/wp-content\/uploads\/2024\/12\/csm_AIF_Projekt-1600x522.png 1600w, https:\/\/pfi-germany.de\/wp-content\/uploads\/2024\/12\/csm_AIF_Projekt-1536x502.png 1536w\" sizes=\"auto, (max-width: 1810px) 100vw, 1810px\" \/><\/a><\/figure>\n<\/div>\n<\/div>\n<\/div>\n<\/details>\n\n\n\n<details class=\"wp-block-details alignwide has-pfi-blue-color has-text-color has-link-color wp-elements-0844715d5b114f583549bc2aabefb160 is-layout-flow wp-block-details-is-layout-flow\"><summary><strong><strong><strong><strong><strong>EuroNorm<\/strong><\/strong><\/strong><\/strong><\/strong><\/summary>\n<div class=\"wp-block-columns alignwide is-layout-flex wp-container-core-columns-is-layout-157fd659 wp-block-columns-is-layout-flex\" style=\"padding-right:0;padding-left:0\">\n<div class=\"wp-block-column is-vertically-aligned-center is-layout-flow wp-block-column-is-layout-flow\" style=\"flex-basis:100%\">\n<div class=\"wp-block-group has-global-padding is-content-justification-left is-layout-constrained wp-container-core-group-is-layout-ae12a0ea wp-block-group-is-layout-constrained\" style=\"margin-top:0;margin-bottom:0;padding-top:var(--wp--preset--spacing--30);padding-right:0;padding-bottom:var(--wp--preset--spacing--30);padding-left:0\">\n<h2 class=\"wp-block-heading has-text-align-left has-pfi-blue-color has-text-color has-link-color has-large-font-size wp-elements-7a96d1e73c215093254cb110dfc0c66c\" style=\"margin-right:0;margin-bottom:0;margin-left:calc( var(--wp--preset--spacing--20) * -1);line-height:1.2;writing-mode:horizontal-tb\"><a href=\"https:\/\/www.euronorm.de\/leistungen\/projekttraeger.php\" target=\"_blank\" rel=\"noreferrer noopener\"><strong>EuroNorm<\/strong><\/a><\/h2>\n\n\n\n<p class=\"has-black-color has-text-color has-link-color wp-elements-f25b02e611ed4ed393e69118d84b04ed\">EuroNorm&nbsp;begleitet&nbsp;im Auftrag der Bundesregierung mittelst\u00e4ndische Unternehmen und Forschungseinrichtungen&nbsp;bei der Durchf\u00fchrung ihrer Forschungs- und Entwicklungs\u00advorhaben. EuroNorm f\u00fchrt auch&nbsp;Studien und Evaluationen f\u00fcr \u00f6ffentliche und private Organisationen durch.<\/p>\n<\/div>\n<\/div>\n\n\n\n<div class=\"wp-block-column is-vertically-aligned-top is-layout-flow wp-block-column-is-layout-flow\" style=\"padding-top:var(--wp--preset--spacing--30);padding-bottom:var(--wp--preset--spacing--30);flex-basis:30%\">\n<figure class=\"wp-block-image size-full has-custom-border is-style-rounded wp-duotone-unset-10 is-style-rounded--9\"><a href=\"https:\/\/www.euronorm.de\/leistungen\/projekttraeger.php\" target=\"_blank\" rel=\" noreferrer noopener\"><img loading=\"lazy\" decoding=\"async\" width=\"100\" height=\"98\" src=\"https:\/\/pfi-germany.de\/wp-content\/uploads\/2024\/12\/csm_Euro_vsu6yo_8dab9859dd.png\" alt=\"blaues Q mit gelben Sternen, \u00e4hnlich der Europa-Flagge, mit der Aufschrift Euro-Norm\" class=\"wp-image-1337\" style=\"border-radius:10px\" srcset=\"https:\/\/pfi-germany.de\/wp-content\/uploads\/2024\/12\/csm_Euro_vsu6yo_8dab9859dd.png 100w, https:\/\/pfi-germany.de\/wp-content\/uploads\/2024\/12\/csm_Euro_vsu6yo_8dab9859dd-50x49.png 50w\" sizes=\"auto, (max-width: 100px) 100vw, 100px\" \/><\/a><\/figure>\n<\/div>\n<\/div>\n<\/details>\n\n\n\n<details class=\"wp-block-details alignwide has-pfi-blue-color has-text-color has-link-color wp-elements-c41aeab2605b830e6d479e09b1fd8bc5 is-layout-flow wp-block-details-is-layout-flow\"><summary><strong><strong><strong><strong><strong>Projekttr\u00e4ger J\u00fclich<\/strong><\/strong><\/strong><\/strong><\/strong><\/summary>\n<div class=\"wp-block-columns alignwide is-layout-flex wp-container-core-columns-is-layout-8396961b wp-block-columns-is-layout-flex\" style=\"padding-right:0;padding-left:0\">\n<div class=\"wp-block-column is-vertically-aligned-center is-layout-flow wp-block-column-is-layout-flow\" style=\"flex-basis:100%\">\n<div class=\"wp-block-group has-global-padding is-content-justification-left is-layout-constrained wp-container-core-group-is-layout-ae12a0ea wp-block-group-is-layout-constrained\" style=\"margin-top:0;margin-bottom:0;padding-top:var(--wp--preset--spacing--30);padding-right:0;padding-bottom:var(--wp--preset--spacing--30);padding-left:0\">\n<h2 class=\"wp-block-heading has-text-align-left has-pfi-blue-color has-text-color has-link-color has-large-font-size wp-elements-5043de14c30082c61a73815e4604c60b\" style=\"margin-right:0;margin-bottom:0;margin-left:calc( var(--wp--preset--spacing--20) * -1);line-height:1.2;writing-mode:horizontal-tb\"><a href=\"https:\/\/www.ptj.de\/\" data-type=\"link\" data-id=\"https:\/\/www.ptj.de\/\" target=\"_blank\" rel=\"noreferrer noopener\"><strong>Projekttr\u00e4ger J\u00fclich<\/strong><\/a><\/h2>\n\n\n\n<p class=\"has-black-color has-text-color has-link-color wp-elements-b5fb720e4155d41af5c74206fc068e03\">Der Projekttr\u00e4ger J\u00fclich (PtJ) setzt im Auftrag von Bundes- und Landesministerien sowie der Europ\u00e4ischen Kommission Forschungs- und Innovationsf\u00f6rderprogramme um. Neben der Betreuung von Forschungsvorhaben, ber\u00e4t der Projekttr\u00e4ger seine Auftraggeber und entwickelt mit ihnen F\u00f6rderkonzepte weiter. Dar\u00fcber hinaus wirkt er an der Verbreitung von Fachinformationen f\u00fcr die \u00d6ffentlichkeit und der Organisation des nationalen und internationalen wissenschaftlichen Erfahrungsaustausches mit.<\/p>\n<\/div>\n<\/div>\n\n\n\n<div class=\"wp-block-column is-vertically-aligned-top is-layout-flow wp-block-column-is-layout-flow\" style=\"padding-top:var(--wp--preset--spacing--30);padding-bottom:var(--wp--preset--spacing--30);flex-basis:30%\">\n<div class=\"wp-block-group is-content-justification-left is-nowrap is-layout-flex wp-container-core-group-is-layout-fc9f69e7 wp-block-group-is-layout-flex\">\n<figure class=\"wp-block-image size-full is-resized has-custom-border is-style-rounded wp-duotone-unset-12 is-style-rounded--11\"><img loading=\"lazy\" decoding=\"async\" width=\"2560\" height=\"799\" src=\"https:\/\/pfi-germany.de\/wp-content\/uploads\/2025\/05\/PTJ-Logo-scaled.png\" alt=\"\" class=\"wp-image-5317\" style=\"border-radius:0px;width:199px;height:auto\" srcset=\"https:\/\/pfi-germany.de\/wp-content\/uploads\/2025\/05\/PTJ-Logo-scaled.png 2560w, https:\/\/pfi-germany.de\/wp-content\/uploads\/2025\/05\/PTJ-Logo-300x94.png 300w, https:\/\/pfi-germany.de\/wp-content\/uploads\/2025\/05\/PTJ-Logo-1024x320.png 1024w, https:\/\/pfi-germany.de\/wp-content\/uploads\/2025\/05\/PTJ-Logo-768x240.png 768w, https:\/\/pfi-germany.de\/wp-content\/uploads\/2025\/05\/PTJ-Logo-50x16.png 50w, https:\/\/pfi-germany.de\/wp-content\/uploads\/2025\/05\/PTJ-Logo-1600x500.png 1600w, https:\/\/pfi-germany.de\/wp-content\/uploads\/2025\/05\/PTJ-Logo-1536x480.png 1536w, https:\/\/pfi-germany.de\/wp-content\/uploads\/2025\/05\/PTJ-Logo-2048x640.png 2048w, https:\/\/pfi-germany.de\/wp-content\/uploads\/2025\/05\/PTJ-Logo-18x6.png 18w\" sizes=\"auto, (max-width: 2560px) 100vw, 2560px\" \/><\/figure>\n<\/div>\n<\/div>\n<\/div>\n<\/details>\n\n\n\n<details class=\"wp-block-details alignwide has-pfi-blue-color has-text-color has-link-color wp-elements-5b039907029938c34b211922c44dd85a is-layout-flow wp-block-details-is-layout-flow\"><summary><strong><strong><strong><strong><strong>FNR &#8211; Fachagentur Nachwachsende Rohstoffe e. V.<\/strong><\/strong><\/strong><\/strong><\/strong><\/summary>\n<div class=\"wp-block-columns alignwide is-layout-flex wp-container-core-columns-is-layout-8396961b wp-block-columns-is-layout-flex\" style=\"padding-right:0;padding-left:0\">\n<div class=\"wp-block-column is-vertically-aligned-center is-layout-flow wp-block-column-is-layout-flow\" style=\"flex-basis:100%\">\n<div class=\"wp-block-group has-global-padding is-content-justification-left is-layout-constrained wp-container-core-group-is-layout-ae12a0ea wp-block-group-is-layout-constrained\" style=\"margin-top:0;margin-bottom:0;padding-top:var(--wp--preset--spacing--30);padding-right:0;padding-bottom:var(--wp--preset--spacing--30);padding-left:0\">\n<h2 class=\"wp-block-heading has-text-align-left has-pfi-blue-color has-text-color has-link-color has-large-font-size wp-elements-63db7b150bfc1a6475dda15d19c7182f\" style=\"margin-right:0;margin-bottom:0;margin-left:calc( var(--wp--preset--spacing--20) * -1);line-height:1.2;writing-mode:horizontal-tb\"><a href=\"https:\/\/www.fnr.de\" target=\"_blank\" rel=\"noreferrer noopener\"><strong>FNR &#8211; Fachagentur Nachwachsende Rohstoffe e. V.<\/strong><\/a><\/h2>\n\n\n\n<p class=\"has-black-color has-text-color has-link-color wp-elements-1019f327a4fdbe9d4b15c81d504345d2\">Die&nbsp;Fachagentur Nachwachsende Rohstoffe e. V. (FNR)&nbsp;ist Projekttr\u00e4ger des Bundesministeriums f\u00fcr Ern\u00e4hrung und Landwirtschaft (BMEL), der Forschungs-, Entwicklungs- und Demonstrationsprojekte im Bereich nachwachsender Rohstoffe koordiniert. Hauptaufgabe der FNR ist die fachliche und administrative Betreuung von Forschungsvorhaben zur Nutzung nachwachsender Rohstoffe.&nbsp;Aktuelles Fachwissen zum Thema wird gesammelt und steht \u00fcber Ver\u00f6ffentlichungen interessierten Wissenschaftlern, Privatpersonen, Politikern, Wirtschafts- und Medienvertretern zur Verf\u00fcgung.<\/p>\n<\/div>\n<\/div>\n\n\n\n<div class=\"wp-block-column is-vertically-aligned-top is-layout-flow wp-block-column-is-layout-flow\" style=\"padding-top:var(--wp--preset--spacing--30);padding-bottom:var(--wp--preset--spacing--30);flex-basis:30%\">\n<figure class=\"wp-block-image size-full is-resized has-custom-border is-style-rounded wp-duotone-unset-14 is-style-rounded--13\"><img loading=\"lazy\" decoding=\"async\" width=\"1600\" height=\"833\" src=\"https:\/\/pfi-germany.de\/wp-content\/uploads\/2025\/05\/fnr_logo_rgb_1600px-1.jpg\" alt=\"\" class=\"wp-image-5320\" style=\"border-radius:10px;width:217px;height:auto\" srcset=\"https:\/\/pfi-germany.de\/wp-content\/uploads\/2025\/05\/fnr_logo_rgb_1600px-1.jpg 1600w, https:\/\/pfi-germany.de\/wp-content\/uploads\/2025\/05\/fnr_logo_rgb_1600px-1-300x156.jpg 300w, https:\/\/pfi-germany.de\/wp-content\/uploads\/2025\/05\/fnr_logo_rgb_1600px-1-1024x533.jpg 1024w, https:\/\/pfi-germany.de\/wp-content\/uploads\/2025\/05\/fnr_logo_rgb_1600px-1-768x400.jpg 768w, https:\/\/pfi-germany.de\/wp-content\/uploads\/2025\/05\/fnr_logo_rgb_1600px-1-50x26.jpg 50w, https:\/\/pfi-germany.de\/wp-content\/uploads\/2025\/05\/fnr_logo_rgb_1600px-1-1536x800.jpg 1536w, https:\/\/pfi-germany.de\/wp-content\/uploads\/2025\/05\/fnr_logo_rgb_1600px-1-18x9.jpg 18w\" sizes=\"auto, (max-width: 1600px) 100vw, 1600px\" \/><\/figure>\n<\/div>\n<\/div>\n<\/details>\n<\/div>\n<\/div>\n<\/div>\n\n\n\n<div class=\"wp-block-group alignfull is-content-justification-center is-nowrap is-layout-flex wp-container-core-group-is-layout-16aa3971 wp-block-group-is-layout-flex\" style=\"margin-top:0;margin-bottom:0;padding-top:0;padding-bottom:0\">\n<div class=\"gradient-separator\"><\/div>\n<\/div>\n\n\n\n<div class=\"wp-block-group alignfull .clickable-container has-background has-global-padding is-layout-constrained wp-container-core-group-is-layout-a20d7634 wp-block-group-is-layout-constrained\" style=\"background-color:#d7d8d936;margin-top:0;margin-bottom:0;padding-top:var(--wp--preset--spacing--30);padding-right:0;padding-bottom:var(--wp--preset--spacing--20);padding-left:0\">\n<div class=\"wp-block-group alignwide is-vertical is-content-justification-center is-layout-flex wp-container-core-group-is-layout-1eeb43da wp-block-group-is-layout-flex\" style=\"margin-top:0;margin-bottom:0;padding-top:0;padding-bottom:0\">\n<h2 class=\"wp-block-heading has-text-align-center has-pfi-blue-color has-text-color has-link-color has-large-font-size wp-elements-1b6055c7d404dafd489a9359f661c2bf\" id=\"pfipruefzeichen\" style=\"margin-top:var(--wp--preset--spacing--10);margin-bottom:var(--wp--preset--spacing--10)\">F\u00f6rderprogramme:<\/h2>\n<\/div>\n\n\n\n<div class=\"wp-block-group alignfull has-global-padding is-layout-constrained wp-container-core-group-is-layout-7bcabc6a wp-block-group-is-layout-constrained\" style=\"margin-top:0;margin-bottom:0;padding-right:0;padding-left:0\">\n<div class=\"wp-block-group alignwide has-global-padding is-layout-constrained wp-container-core-group-is-layout-c9115f92 wp-block-group-is-layout-constrained\" style=\"padding-right:var(--wp--preset--spacing--20);padding-left:var(--wp--preset--spacing--20)\">\n<details class=\"wp-block-details alignwide has-pfi-blue-color has-text-color has-link-color wp-elements-24952dd906dad6c72f2ea7ea8d8a9b54 is-layout-flow wp-block-details-is-layout-flow\"><summary><strong><strong><strong><strong><strong>IGF &#8211; Industrielle Gemeinschaftsforschung<\/strong><\/strong><\/strong><\/strong><\/strong><\/summary>\n<div class=\"wp-block-columns alignwide is-layout-flex wp-container-core-columns-is-layout-8396961b wp-block-columns-is-layout-flex\" style=\"padding-right:0;padding-left:0\">\n<div class=\"wp-block-column is-vertically-aligned-center is-layout-flow wp-block-column-is-layout-flow\" style=\"flex-basis:100%\">\n<div class=\"wp-block-group has-global-padding is-content-justification-left is-layout-constrained wp-container-core-group-is-layout-ae12a0ea wp-block-group-is-layout-constrained\" style=\"margin-top:0;margin-bottom:0;padding-top:var(--wp--preset--spacing--30);padding-right:0;padding-bottom:var(--wp--preset--spacing--30);padding-left:0\">\n<h2 class=\"wp-block-heading has-text-align-left has-pfi-blue-color has-text-color has-link-color has-large-font-size wp-elements-c672041f7569c6434a347326bddd681e\" style=\"margin-right:0;margin-bottom:0;margin-left:calc( var(--wp--preset--spacing--20) * -1);line-height:1.2;writing-mode:horizontal-tb\"><a href=\"https:\/\/www.igf-foerderung.de\" data-type=\"link\" data-id=\"https:\/\/www.igf-foerderung.de\" target=\"_blank\" rel=\"noreferrer noopener\"><strong>IGF &#8211; Industrielle Gemeinschaftsforschung<\/strong><\/a><\/h2>\n\n\n\n<p class=\"has-black-color has-text-color has-link-color wp-elements-819e668889d1a60352db8a5330a23af4\">Die Industrielle&nbsp;Gemeinschaftsforschung stellt die transferf\u00f6rdernde Kooperationsplattform f\u00fcr den Mittelstand: industriegesteuerte Auswahl der Projektideen und ihrer Qualit\u00e4tspr\u00fcfung. Ergebnisse der IGF sind f\u00fcr alle Unternehmen \u00f6ffentlich zug\u00e4nglich. Das Themenspektrum der Projekte deckt alle mittelstandsrelevanten Zukunftstechnologien ab: von der Materialforschung \u00fcber die Biotechnologie bis zu Industrie 4.0 und Digitalisierung.<\/p>\n<\/div>\n<\/div>\n\n\n\n<div class=\"wp-block-column is-vertically-aligned-top is-layout-flow wp-block-column-is-layout-flow\" style=\"padding-top:var(--wp--preset--spacing--30);padding-bottom:var(--wp--preset--spacing--30);flex-basis:30%\">\n<figure class=\"wp-block-image size-full is-resized has-custom-border is-style-rounded wp-duotone-unset-16 is-style-rounded--15\"><img loading=\"lazy\" decoding=\"async\" width=\"1982\" height=\"1143\" src=\"https:\/\/pfi-germany.de\/wp-content\/uploads\/2025\/05\/IGF_Logo_claim-unten_CMYK.jpg\" alt=\"\" class=\"wp-image-5322\" style=\"border-radius:0px;width:153px;height:auto\" srcset=\"https:\/\/pfi-germany.de\/wp-content\/uploads\/2025\/05\/IGF_Logo_claim-unten_CMYK.jpg 1982w, https:\/\/pfi-germany.de\/wp-content\/uploads\/2025\/05\/IGF_Logo_claim-unten_CMYK-300x173.jpg 300w, https:\/\/pfi-germany.de\/wp-content\/uploads\/2025\/05\/IGF_Logo_claim-unten_CMYK-1024x591.jpg 1024w, https:\/\/pfi-germany.de\/wp-content\/uploads\/2025\/05\/IGF_Logo_claim-unten_CMYK-768x443.jpg 768w, https:\/\/pfi-germany.de\/wp-content\/uploads\/2025\/05\/IGF_Logo_claim-unten_CMYK-50x29.jpg 50w, https:\/\/pfi-germany.de\/wp-content\/uploads\/2025\/05\/IGF_Logo_claim-unten_CMYK-1600x923.jpg 1600w, https:\/\/pfi-germany.de\/wp-content\/uploads\/2025\/05\/IGF_Logo_claim-unten_CMYK-1536x886.jpg 1536w, https:\/\/pfi-germany.de\/wp-content\/uploads\/2025\/05\/IGF_Logo_claim-unten_CMYK-18x10.jpg 18w\" sizes=\"auto, (max-width: 1982px) 100vw, 1982px\" \/><\/figure>\n<\/div>\n<\/div>\n<\/details>\n\n\n\n<details class=\"wp-block-details alignwide has-pfi-blue-color has-text-color has-link-color wp-elements-7e88958fce6d7c2e8afe83e6b8bfa8f4 is-layout-flow wp-block-details-is-layout-flow\"><summary><strong><strong><strong><strong><strong>FAM &#8211; AiF-Forschungsallianz Medizintechnik<\/strong><\/strong><\/strong><\/strong><\/strong><\/summary>\n<div class=\"wp-block-columns alignwide is-layout-flex wp-container-core-columns-is-layout-8396961b wp-block-columns-is-layout-flex\" style=\"padding-right:0;padding-left:0\">\n<div class=\"wp-block-column is-vertically-aligned-center is-layout-flow wp-block-column-is-layout-flow\" style=\"flex-basis:100%\">\n<div class=\"wp-block-group has-global-padding is-content-justification-left is-layout-constrained wp-container-core-group-is-layout-ae12a0ea wp-block-group-is-layout-constrained\" style=\"margin-top:0;margin-bottom:0;padding-top:var(--wp--preset--spacing--30);padding-right:0;padding-bottom:var(--wp--preset--spacing--30);padding-left:0\">\n<h2 class=\"wp-block-heading has-text-align-left has-pfi-blue-color has-text-color has-link-color has-large-font-size wp-elements-e705a5496162aee8b5e0d2b3d174b708\" style=\"margin-right:0;margin-bottom:0;margin-left:calc( var(--wp--preset--spacing--20) * -1);line-height:1.2;writing-mode:horizontal-tb\"><a href=\"https:\/\/www.aif.de\/mitglieder\/aif-forschungs-und-transferallianzen\/aif-forschungs-und-transferallianz-medizintechnik.html\" target=\"_blank\" rel=\"noreferrer noopener\"><strong>FAM &#8211; AiF-Forschungsallianz Medizintechnik<\/strong><\/a><\/h2>\n\n\n\n<p class=\"has-black-color has-text-color has-link-color wp-elements-942ea23a62f893b8733fdec2344780cf\">Die im November 2018 gegr\u00fcndete AiF-Forschungsallianz Medizintechnik (FAM) hat zum Ziel, die potenzialreichen Synergien seiner Forschungsvereinigungen f\u00fcr die Innovationssch\u00f6pfung im medizintechnischen Bereich zu heben sowie die Sichtbarkeit der IGF-gef\u00f6rderten Forschung zu erh\u00f6hen.<\/p>\n<\/div>\n<\/div>\n\n\n\n<div class=\"wp-block-column is-vertically-aligned-top is-layout-flow wp-block-column-is-layout-flow\" style=\"padding-top:var(--wp--preset--spacing--30);padding-bottom:var(--wp--preset--spacing--30);flex-basis:30%\">\n<div class=\"wp-block-group is-content-justification-left is-nowrap is-layout-flex wp-container-core-group-is-layout-fc9f69e7 wp-block-group-is-layout-flex\">\n<figure class=\"wp-block-image size-full has-custom-border is-style-rounded wp-duotone-unset-18 is-style-rounded--17\"><a href=\"https:\/\/www.aif.de\/mitglieder\/aif-forschungs-und-transferallianzen\/aif-forschungs-und-transferallianz-medizintechnik.html\" target=\"_blank\" rel=\" noreferrer noopener\"><img loading=\"lazy\" decoding=\"async\" width=\"120\" height=\"82\" src=\"https:\/\/pfi-germany.de\/wp-content\/uploads\/2024\/12\/csm_article_20ec6b23c3.png\" alt=\"Logo der FAM - AiF-Forschungsallianz Medizintechnik\" class=\"wp-image-1343\" style=\"border-radius:0px;object-fit:cover\" srcset=\"https:\/\/pfi-germany.de\/wp-content\/uploads\/2024\/12\/csm_article_20ec6b23c3.png 120w, https:\/\/pfi-germany.de\/wp-content\/uploads\/2024\/12\/csm_article_20ec6b23c3-50x34.png 50w\" sizes=\"auto, (max-width: 120px) 100vw, 120px\" \/><\/a><\/figure>\n<\/div>\n<\/div>\n<\/div>\n<\/details>\n\n\n\n<details class=\"wp-block-details alignwide has-pfi-blue-color has-text-color has-link-color wp-elements-fcfbc957d76372f5e9a181d5ce48d178 is-layout-flow wp-block-details-is-layout-flow\"><summary><strong><strong><strong><strong><strong>ZIM &#8211; Zentrales Innovationsprogramm Mittelstand<\/strong><\/strong><\/strong><\/strong><\/strong><\/summary>\n<div class=\"wp-block-columns alignwide is-layout-flex wp-container-core-columns-is-layout-8396961b wp-block-columns-is-layout-flex\" style=\"padding-right:0;padding-left:0\">\n<div class=\"wp-block-column is-vertically-aligned-center is-layout-flow wp-block-column-is-layout-flow\" style=\"flex-basis:100%\">\n<div class=\"wp-block-group has-global-padding is-content-justification-left is-layout-constrained wp-container-core-group-is-layout-ae12a0ea wp-block-group-is-layout-constrained\" style=\"margin-top:0;margin-bottom:0;padding-top:var(--wp--preset--spacing--30);padding-right:0;padding-bottom:var(--wp--preset--spacing--30);padding-left:0\">\n<h2 class=\"wp-block-heading has-text-align-left has-pfi-blue-color has-text-color has-link-color has-large-font-size wp-elements-55447e85130f7c3a952d80bbdd2a0fb3\" style=\"margin-right:0;margin-bottom:0;margin-left:calc( var(--wp--preset--spacing--20) * -1);line-height:1.2;writing-mode:horizontal-tb\"><a href=\"https:\/\/www.zim.de\/ZIM\/Navigation\/DE\/Home\/home.html\" target=\"_blank\" rel=\"noreferrer noopener\"><strong>ZIM &#8211; Zentrales Innovationsprogramm Mittelstand<\/strong><\/a><\/h2>\n\n\n\n<p class=\"has-black-color has-text-color has-link-color wp-elements-a887d66eab6860e8e9a880aedc7755c1\">Das Zentrale Innovationsprogramm Mittelstand&nbsp;ist ein bundesweites, technologie- und branchenoffenes F\u00f6rderprogramm f\u00fcr mittelst\u00e4ndische Unternehmen und mit diesen zusammenarbeitende wirtschaftsnahe Forschungseinrichtungen. Mit dem ZIM sollen die Innovationskraft und Wettbewerbsf\u00e4higkeit der Unternehmen, einschlie\u00dflich des Handwerks und der unternehmerisch t\u00e4tigen freien Berufe, nachaltig unterst\u00fctzt werden. ZIM f\u00f6rdert FuE-Einzelprojekte, FuE-Kooperationsprojekte und Kooperationsnetzwerke.<\/p>\n<\/div>\n<\/div>\n\n\n\n<div class=\"wp-block-column is-vertically-aligned-top is-layout-flow wp-block-column-is-layout-flow\" style=\"padding-top:var(--wp--preset--spacing--30);padding-bottom:var(--wp--preset--spacing--30);flex-basis:30%\">\n<figure class=\"wp-block-image size-full is-resized has-custom-border is-style-rounded wp-duotone-unset-20 is-style-rounded--19\"><img loading=\"lazy\" decoding=\"async\" width=\"597\" height=\"465\" src=\"https:\/\/pfi-germany.de\/wp-content\/uploads\/2025\/05\/Zim_logo_.png\" alt=\"\" class=\"wp-image-5323\" style=\"border-radius:0px;width:194px;height:auto\" srcset=\"https:\/\/pfi-germany.de\/wp-content\/uploads\/2025\/05\/Zim_logo_.png 597w, https:\/\/pfi-germany.de\/wp-content\/uploads\/2025\/05\/Zim_logo_-300x234.png 300w, https:\/\/pfi-germany.de\/wp-content\/uploads\/2025\/05\/Zim_logo_-50x39.png 50w, https:\/\/pfi-germany.de\/wp-content\/uploads\/2025\/05\/Zim_logo_-15x12.png 15w\" sizes=\"auto, (max-width: 597px) 100vw, 597px\" \/><\/figure>\n<\/div>\n<\/div>\n<\/details>\n\n\n\n<details class=\"wp-block-details alignwide has-pfi-blue-color has-text-color has-link-color wp-elements-9c5220e7d27041546a83ad41dee0d1e8 is-layout-flow wp-block-details-is-layout-flow\"><summary><strong><strong><strong><strong><strong>IraSME<\/strong><\/strong><\/strong><\/strong><\/strong><\/summary>\n<div class=\"wp-block-columns alignwide is-layout-flex wp-container-core-columns-is-layout-8396961b wp-block-columns-is-layout-flex\" style=\"padding-right:0;padding-left:0\">\n<div class=\"wp-block-column is-vertically-aligned-center is-layout-flow wp-block-column-is-layout-flow\" style=\"flex-basis:100%\">\n<div class=\"wp-block-group has-global-padding is-content-justification-left is-layout-constrained wp-container-core-group-is-layout-ae12a0ea wp-block-group-is-layout-constrained\" style=\"margin-top:0;margin-bottom:0;padding-top:var(--wp--preset--spacing--30);padding-right:0;padding-bottom:var(--wp--preset--spacing--30);padding-left:0\">\n<h2 class=\"wp-block-heading has-text-align-left has-pfi-blue-color has-text-color has-link-color has-large-font-size wp-elements-b10580abc05d543394acf9eb4f9bf169\" style=\"margin-right:0;margin-bottom:0;margin-left:calc( var(--wp--preset--spacing--20) * -1);line-height:1.2;writing-mode:horizontal-tb\"><a href=\"https:\/\/www.ira-sme.net\" target=\"_blank\" rel=\"noreferrer noopener\"><strong>IraSME<\/strong><\/a><\/h2>\n\n\n\n<p class=\"has-black-color has-text-color has-link-color wp-elements-6d975c846350bc8d5458e60b08cc8e2f\">Im Netzwerk&nbsp;IraSME werden&nbsp;ZIM-Kooperationsprojekte mit internationalen Partnern gef\u00f6rdert. Die AiF Projekt GmbH betreut im Auftrag des Bundesministeriums f\u00fcr Wirtschaft und Energie das Netzwerk&nbsp;IraSME.<\/p>\n<\/div>\n<\/div>\n\n\n\n<div class=\"wp-block-column is-vertically-aligned-top is-layout-flow wp-block-column-is-layout-flow\" style=\"padding-top:var(--wp--preset--spacing--30);padding-bottom:var(--wp--preset--spacing--30);flex-basis:30%\">\n<div class=\"wp-block-group is-content-justification-left is-nowrap is-layout-flex wp-container-core-group-is-layout-fc9f69e7 wp-block-group-is-layout-flex\">\n<figure class=\"wp-block-image size-full is-resized has-custom-border is-style-rounded wp-duotone-unset-22 is-style-rounded--21\"><a href=\"https:\/\/www.ira-sme.net\" target=\"_blank\" rel=\" noreferrer noopener\"><img loading=\"lazy\" decoding=\"async\" width=\"763\" height=\"376\" src=\"https:\/\/pfi-germany.de\/wp-content\/uploads\/2024\/12\/csm_logo_ira-sme.png\" alt=\"Logo der IraSME\" class=\"wp-image-1348\" style=\"border-radius:0px;object-fit:cover;width:197px;height:auto\" srcset=\"https:\/\/pfi-germany.de\/wp-content\/uploads\/2024\/12\/csm_logo_ira-sme.png 763w, https:\/\/pfi-germany.de\/wp-content\/uploads\/2024\/12\/csm_logo_ira-sme-300x148.png 300w, https:\/\/pfi-germany.de\/wp-content\/uploads\/2024\/12\/csm_logo_ira-sme-50x25.png 50w\" sizes=\"auto, (max-width: 763px) 100vw, 763px\" \/><\/a><\/figure>\n<\/div>\n<\/div>\n<\/div>\n<\/details>\n\n\n\n<details class=\"wp-block-details alignwide has-pfi-blue-color has-text-color has-link-color wp-elements-e88889409ff1e102ebdd59cf2310d19d is-layout-flow wp-block-details-is-layout-flow\"><summary><strong><strong><strong><strong><strong>Cornet &#8211; Collective Research Networking<\/strong><\/strong><\/strong><\/strong><\/strong><\/summary>\n<div class=\"wp-block-columns alignwide is-layout-flex wp-container-core-columns-is-layout-8396961b wp-block-columns-is-layout-flex\" style=\"padding-right:0;padding-left:0\">\n<div class=\"wp-block-column is-vertically-aligned-center is-layout-flow wp-block-column-is-layout-flow\" style=\"flex-basis:100%\">\n<div class=\"wp-block-group has-global-padding is-content-justification-left is-layout-constrained wp-container-core-group-is-layout-ae12a0ea wp-block-group-is-layout-constrained\" style=\"margin-top:0;margin-bottom:0;padding-top:var(--wp--preset--spacing--30);padding-right:0;padding-bottom:var(--wp--preset--spacing--30);padding-left:0\">\n<h2 class=\"wp-block-heading has-text-align-left has-pfi-blue-color has-text-color has-link-color has-large-font-size wp-elements-3253f295a23f394e8c69be303890d944\" style=\"margin-right:0;margin-bottom:0;margin-left:calc( var(--wp--preset--spacing--20) * -1);line-height:1.2;writing-mode:horizontal-tb\"><a href=\"https:\/\/cornet.online\/EN\/Home\/Home_node.html\" data-type=\"link\" data-id=\"https:\/\/www.aif.de\/innovationsfoerderung\/igf-industrielle-gemeinschaftsforschung\/foerdervarianten\/cornet.html\" target=\"_blank\" rel=\"noreferrer noopener\"><strong>Cornet &#8211; Collective Research Networking<\/strong><\/a><\/h2>\n\n\n\n<p class=\"has-black-color has-text-color has-link-color wp-elements-961914fa61cef5222722a239bab42739\">Um die Internationalisierung zu f\u00f6rdern, werden mit der F\u00f6rdervariante CORNET (Collective Research Networking) transnationale&nbsp;Forschungsprojekte&nbsp;durchgef\u00fchrt, die mindestens mit einer ausl\u00e4ndischen Forschungseinrichtung gemeinsam bearbeitet werden und bei denen die gesamten Ergebnisse allen Unternehmen zu jeweils gleichen Bedingungen zur Verf\u00fcgung stehen.&nbsp;Im Auftrag des Bundesministeriums f\u00fcr Wirtschaft und Energie koordiniert die AiF das CORNET.<\/p>\n<\/div>\n<\/div>\n\n\n\n<div class=\"wp-block-column is-vertically-aligned-top is-layout-flow wp-block-column-is-layout-flow\" style=\"padding-top:var(--wp--preset--spacing--30);padding-bottom:var(--wp--preset--spacing--30);flex-basis:30%\">\n<figure class=\"wp-block-image size-full has-custom-border is-style-rounded wp-duotone-unset-24 is-style-rounded--23\"><img loading=\"lazy\" decoding=\"async\" width=\"580\" height=\"162\" src=\"https:\/\/pfi-germany.de\/wp-content\/uploads\/2025\/05\/CORNET_Logo.png\" alt=\"\" class=\"wp-image-5324\" style=\"border-radius:0px\" srcset=\"https:\/\/pfi-germany.de\/wp-content\/uploads\/2025\/05\/CORNET_Logo.png 580w, https:\/\/pfi-germany.de\/wp-content\/uploads\/2025\/05\/CORNET_Logo-300x84.png 300w, https:\/\/pfi-germany.de\/wp-content\/uploads\/2025\/05\/CORNET_Logo-50x14.png 50w, https:\/\/pfi-germany.de\/wp-content\/uploads\/2025\/05\/CORNET_Logo-18x5.png 18w\" sizes=\"auto, (max-width: 580px) 100vw, 580px\" \/><\/figure>\n<\/div>\n<\/div>\n<\/details>\n\n\n\n<details class=\"wp-block-details alignwide has-pfi-blue-color has-text-color has-link-color wp-elements-0433cc6c549841aba8f829c3736052c5 is-layout-flow wp-block-details-is-layout-flow\"><summary><strong><strong><strong><strong><strong>INNO-KOM<\/strong><\/strong><\/strong><\/strong><\/strong><\/summary>\n<div class=\"wp-block-columns alignwide is-layout-flex wp-container-core-columns-is-layout-8396961b wp-block-columns-is-layout-flex\" style=\"padding-right:0;padding-left:0\">\n<div class=\"wp-block-column is-vertically-aligned-center is-layout-flow wp-block-column-is-layout-flow\" style=\"flex-basis:100%\">\n<div class=\"wp-block-group has-global-padding is-content-justification-left is-layout-constrained wp-container-core-group-is-layout-ae12a0ea wp-block-group-is-layout-constrained\" style=\"margin-top:0;margin-bottom:0;padding-top:var(--wp--preset--spacing--30);padding-right:0;padding-bottom:var(--wp--preset--spacing--30);padding-left:0\">\n<h2 class=\"wp-block-heading has-text-align-left has-pfi-blue-color has-text-color has-link-color has-large-font-size wp-elements-233b6ec6b7978c1c67765666b72c4162\" style=\"margin-right:0;margin-bottom:0;margin-left:calc( var(--wp--preset--spacing--20) * -1);line-height:1.2;writing-mode:horizontal-tb\"><a href=\"https:\/\/www.innovation-beratung-foerderung.de\/INNO\/Navigation\/DE\/INNO-KOM\/inno-kom.html\" target=\"_blank\" rel=\"noreferrer noopener\"><strong>INNO-KOM<\/strong><\/a><\/h2>\n\n\n\n<p class=\"has-black-color has-text-color has-link-color wp-elements-0086182a9b35a92837b137026f39966a\">Das technologieoffene INNO-KOM-Programm steht&nbsp;gemeinn\u00fctzigen Forschungseinrichtungen aller strukturschwachen Regionen Deutschlands&nbsp;zur Verf\u00fcgung.&nbsp;Die im Programm f\u00f6rderf\u00e4higen Industrieforschungseinrichtungen verf\u00fcgen \u00fcber das entsprechende Personal und die Ausstattung, um aufw\u00e4ndige technische und wissenschaftliche Fragestellungen zu untersuchen. Sie transferieren ihre grundlegenden Forschungs- und Entwicklungsergebnisse in Unternehmen und sind Initiatoren und Moderatoren von regionalen und \u00fcberregionalen Netzwerken.&nbsp;Von den Forschungsergebnissen aus diesen Einrichtungen profitieren insbesondere die kleinen und mittleren Unternehmen, die die Wirtschaft in strukturschwachen Regionen dominieren.<\/p>\n<\/div>\n<\/div>\n\n\n\n<div class=\"wp-block-column is-vertically-aligned-top is-layout-flow wp-block-column-is-layout-flow\" style=\"padding-top:var(--wp--preset--spacing--30);padding-bottom:var(--wp--preset--spacing--30);flex-basis:30%\">\n<div class=\"wp-block-group is-content-justification-left is-nowrap is-layout-flex wp-container-core-group-is-layout-fc9f69e7 wp-block-group-is-layout-flex\">\n<figure class=\"wp-block-image size-full is-resized has-custom-border is-style-rounded wp-duotone-unset-26 is-style-rounded--25\"><img loading=\"lazy\" decoding=\"async\" width=\"317\" height=\"152\" src=\"https:\/\/pfi-germany.de\/wp-content\/uploads\/2025\/05\/inno-kom-logo.jpg\" alt=\"\" class=\"wp-image-5325\" style=\"border-radius:0px;object-fit:cover;width:229px;height:auto\" srcset=\"https:\/\/pfi-germany.de\/wp-content\/uploads\/2025\/05\/inno-kom-logo.jpg 317w, https:\/\/pfi-germany.de\/wp-content\/uploads\/2025\/05\/inno-kom-logo-300x144.jpg 300w, https:\/\/pfi-germany.de\/wp-content\/uploads\/2025\/05\/inno-kom-logo-50x24.jpg 50w, https:\/\/pfi-germany.de\/wp-content\/uploads\/2025\/05\/inno-kom-logo-18x9.jpg 18w\" sizes=\"auto, (max-width: 317px) 100vw, 317px\" \/><\/figure>\n<\/div>\n<\/div>\n<\/div>\n<\/details>\n\n\n\n<details class=\"wp-block-details alignwide has-pfi-blue-color has-text-color has-link-color wp-elements-7cd811bd699c3a9c220916eead3524a5 is-layout-flow wp-block-details-is-layout-flow\"><summary><strong><strong><strong><strong><strong>Bioeconomy International<\/strong><\/strong><\/strong><\/strong><\/strong><\/summary>\n<div class=\"wp-block-columns alignwide is-layout-flex wp-container-core-columns-is-layout-8396961b wp-block-columns-is-layout-flex\" style=\"padding-right:0;padding-left:0\">\n<div class=\"wp-block-column is-vertically-aligned-center is-layout-flow wp-block-column-is-layout-flow\" style=\"flex-basis:100%\">\n<div class=\"wp-block-group has-global-padding is-content-justification-left is-layout-constrained wp-container-core-group-is-layout-ae12a0ea wp-block-group-is-layout-constrained\" style=\"margin-top:0;margin-bottom:0;padding-top:var(--wp--preset--spacing--30);padding-right:0;padding-bottom:var(--wp--preset--spacing--30);padding-left:0\">\n<h2 class=\"wp-block-heading has-text-align-left has-pfi-blue-color has-text-color has-link-color has-large-font-size wp-elements-2476a8a626d7251e4ae4b264825d9dd6\" style=\"margin-right:0;margin-bottom:0;margin-left:calc( var(--wp--preset--spacing--20) * -1);line-height:1.2;writing-mode:horizontal-tb\"><a href=\"https:\/\/www.ptj.de\/projektfoerderung\/biooekonomie\/biooekonomie-international\" target=\"_blank\" rel=\"noreferrer noopener\"><strong>Bioeconomy International<\/strong><\/a><\/h2>\n\n\n\n<p class=\"has-black-color has-text-color has-link-color wp-elements-f9e0c898f8f7edbd9ef7799f200e9ad1\">Globale Arbeit f\u00fcr eine biobasierte Wirtschaft. Mit der F\u00f6rderma\u00dfnahme \u201eBio\u00f6konomie International\u201c unterst\u00fctzt das Bundesministerium f\u00fcr Bildung und Forschung (BMBF) internationale, modellhafte Forschungs-&nbsp;und Entwicklungsprojekte zwischen deutschen und au\u00dfereurop\u00e4ischen Partnern. Die gef\u00f6rderten Projekte sollen einen wichtigen Beitrag zu einem der f\u00fcnf Handlungsfelder der Forschungsstrategie leisten: weltweite Ern\u00e4hrung sichern,&nbsp;Agrarproduktion nachhaltig gestalten, gesunde und sichere Lebensmittel produzieren, nachwachsende Rohstoffe industriell nutzen oder Energietr\u00e4ger auf Basis von Biomasse ausbauen.<\/p>\n<\/div>\n<\/div>\n\n\n\n<div class=\"wp-block-column is-vertically-aligned-top is-layout-flow wp-block-column-is-layout-flow\" style=\"padding-top:var(--wp--preset--spacing--30);padding-bottom:var(--wp--preset--spacing--30);flex-basis:30%\">\n<figure class=\"wp-block-image size-full is-resized has-custom-border is-style-rounded wp-duotone-unset-28 is-style-rounded--27\"><img loading=\"lazy\" decoding=\"async\" width=\"307\" height=\"100\" src=\"https:\/\/pfi-germany.de\/wp-content\/uploads\/2025\/05\/logo-bioeconomy.png\" alt=\"\" class=\"wp-image-5326\" style=\"border-radius:0px;width:224px;height:auto\" srcset=\"https:\/\/pfi-germany.de\/wp-content\/uploads\/2025\/05\/logo-bioeconomy.png 307w, https:\/\/pfi-germany.de\/wp-content\/uploads\/2025\/05\/logo-bioeconomy-300x98.png 300w, https:\/\/pfi-germany.de\/wp-content\/uploads\/2025\/05\/logo-bioeconomy-50x16.png 50w, https:\/\/pfi-germany.de\/wp-content\/uploads\/2025\/05\/logo-bioeconomy-18x6.png 18w\" sizes=\"auto, (max-width: 307px) 100vw, 307px\" \/><\/figure>\n<\/div>\n<\/div>\n<\/details>\n\n\n\n<details class=\"wp-block-details alignwide has-pfi-blue-color has-text-color has-link-color wp-elements-6ef84de7f25380f207c908ffd41107e8 is-layout-flow wp-block-details-is-layout-flow\"><summary><strong><strong><strong><strong><strong><strong>Erasmus+<\/strong><\/strong><\/strong><\/strong><\/strong><\/strong> <\/summary>\n<div class=\"wp-block-columns alignwide is-layout-flex wp-container-core-columns-is-layout-8396961b wp-block-columns-is-layout-flex\" style=\"padding-right:0;padding-left:0\">\n<div class=\"wp-block-column is-vertically-aligned-center is-layout-flow wp-block-column-is-layout-flow\" style=\"flex-basis:100%\">\n<div class=\"wp-block-group has-global-padding is-content-justification-left is-layout-constrained wp-container-core-group-is-layout-ae12a0ea wp-block-group-is-layout-constrained\" style=\"margin-top:0;margin-bottom:0;padding-top:var(--wp--preset--spacing--30);padding-right:0;padding-bottom:var(--wp--preset--spacing--30);padding-left:0\">\n<h2 class=\"wp-block-heading has-text-align-left has-pfi-blue-color has-text-color has-link-color has-large-font-size wp-elements-8b91abbdf9fdac4bc80426916ab664a8\" style=\"margin-right:0;margin-bottom:0;margin-left:calc( var(--wp--preset--spacing--20) * -1);line-height:1.2;writing-mode:horizontal-tb\"><a href=\"https:\/\/www.erasmusplus.de\/\" target=\"_blank\" rel=\"noreferrer noopener\"><strong>Erasmus+<\/strong><\/a><\/h2>\n\n\n\n<p class=\"has-black-color has-text-color has-link-color wp-elements-7ed99e6206c8b6de91501095ac539c3c\">Die F\u00f6rderung der europaweiten Zusammenarbeit in allen Bildungsbereichen ist ein wichtiges Anliegen der Europ\u00e4ischen Union. Auf dem Weg zu einem gemeinsamen Europ\u00e4ischen Bildungsraum kommt dem Programm eine Schl\u00fcsselrolle zu. Zwischen 2021 und 2027 steht dazu ein Gesamtbudget von ca. 26 Milliarden Euro zur Verf\u00fcgung. Erasmus+ soll lebenslanges Lernen f\u00f6rdern, nachhaltiges Wachstum erm\u00f6glichen, sozialen Zusammenhalt und die europ\u00e4ische Identit\u00e4t st\u00e4rken sowie Innovationen vorantreiben. Im Zentrum des Programms stehen dabei die Themen Inklusion und Diversit\u00e4t, Digitalisierung, politische Bildung und Nachhaltigkeit, die eng miteinander verbunden sind.<\/p>\n<\/div>\n<\/div>\n\n\n\n<div class=\"wp-block-column is-vertically-aligned-top is-layout-flow wp-block-column-is-layout-flow\" style=\"padding-top:var(--wp--preset--spacing--30);padding-bottom:var(--wp--preset--spacing--30);flex-basis:30%\">\n<figure class=\"wp-block-image size-full is-resized has-custom-border is-style-rounded wp-duotone-unset-30 is-style-rounded--29\"><img loading=\"lazy\" decoding=\"async\" width=\"2560\" height=\"595\" src=\"https:\/\/pfi-germany.de\/wp-content\/uploads\/2025\/06\/Erasmus_logo_2023-scaled.jpg\" alt=\"\" class=\"wp-image-6154\" style=\"border-radius:0px;width:224px;height:auto\" srcset=\"https:\/\/pfi-germany.de\/wp-content\/uploads\/2025\/06\/Erasmus_logo_2023-scaled.jpg 2560w, https:\/\/pfi-germany.de\/wp-content\/uploads\/2025\/06\/Erasmus_logo_2023-300x70.jpg 300w, https:\/\/pfi-germany.de\/wp-content\/uploads\/2025\/06\/Erasmus_logo_2023-1024x238.jpg 1024w, https:\/\/pfi-germany.de\/wp-content\/uploads\/2025\/06\/Erasmus_logo_2023-768x178.jpg 768w, https:\/\/pfi-germany.de\/wp-content\/uploads\/2025\/06\/Erasmus_logo_2023-50x12.jpg 50w, https:\/\/pfi-germany.de\/wp-content\/uploads\/2025\/06\/Erasmus_logo_2023-1600x372.jpg 1600w, https:\/\/pfi-germany.de\/wp-content\/uploads\/2025\/06\/Erasmus_logo_2023-1536x357.jpg 1536w, https:\/\/pfi-germany.de\/wp-content\/uploads\/2025\/06\/Erasmus_logo_2023-2048x476.jpg 2048w, https:\/\/pfi-germany.de\/wp-content\/uploads\/2025\/06\/Erasmus_logo_2023-18x4.jpg 18w\" sizes=\"auto, (max-width: 2560px) 100vw, 2560px\" \/><\/figure>\n<\/div>\n<\/div>\n<\/details>\n<\/div>\n<\/div>\n<\/div>\n\n\n\n<p><\/p>\n","protected":false},"excerpt":{"rendered":"<p>Forschung dem Menschen verbunden Wir sind intensiv t\u00e4tig&nbsp;im Bereich \u00f6ffentlich gef\u00f6rderter Forschungsprogramme. Unter anderem sind wir Mitglied in der AiF und der Zuse-Gemeinschaft. Genauere Einblicke in unsere Forschungsergebnisse erhalten Sie \u00fcber unseren Blog unter der Kategorie Forschungsprojekte. Forschungsallianzen: Projekttr\u00e4ger: F\u00f6rderprogramme:<\/p>\n","protected":false},"author":1,"featured_media":0,"parent":844,"menu_order":0,"comment_status":"closed","ping_status":"closed","template":"","meta":{"footnotes":""},"class_list":["post-880","page","type-page","status-publish","hentry"],"yoast_head":"<!-- This site is optimized with the Yoast SEO plugin v27.3 - https:\/\/yoast.com\/product\/yoast-seo-wordpress\/ -->\n<title>PFI \u2013 Gemeinn\u00fctzige Forschung in Schuhtechnik &amp; Biotechnologie<\/title>\n<meta name=\"description\" content=\"Das PFI betreibt gemeinn\u00fctzige Forschung, ist Mitglied der AiF und Zuse-Gemeinschaft und engagiert sich in \u00f6ffentlich gef\u00f6rderten Forschungsprogrammen.\" \/>\n<meta name=\"robots\" content=\"index, follow, max-snippet:-1, max-image-preview:large, max-video-preview:-1\" \/>\n<link rel=\"canonical\" href=\"https:\/\/pfi-germany.de\/de\/forschung-entwicklung\/gemeinnutzige-forschung\/\" \/>\n<meta property=\"og:locale\" content=\"de_DE\" \/>\n<meta property=\"og:type\" content=\"article\" \/>\n<meta property=\"og:title\" content=\"PFI \u2013 Gemeinn\u00fctzige Forschung in Schuhtechnik &amp; Biotechnologie\" \/>\n<meta property=\"og:description\" content=\"Das PFI betreibt gemeinn\u00fctzige Forschung, ist Mitglied der AiF und Zuse-Gemeinschaft und engagiert sich in \u00f6ffentlich gef\u00f6rderten Forschungsprogrammen.\" \/>\n<meta property=\"og:url\" content=\"https:\/\/pfi-germany.de\/de\/forschung-entwicklung\/gemeinnutzige-forschung\/\" \/>\n<meta property=\"og:site_name\" content=\"Pr\u00fcf- und Forschungsinstitut Pirmasens e.V.\" \/>\n<meta property=\"article:publisher\" content=\"https:\/\/www.facebook.com\/people\/Pruef-und-Forschungsinstitut-Pirmasens-e-V\/100057088164342\/\" \/>\n<meta property=\"article:modified_time\" content=\"2025-07-08T14:06:54+00:00\" \/>\n<meta property=\"og:image\" content=\"https:\/\/pfi-germany.de\/wp-content\/uploads\/2025\/04\/AiF_Logo_Relaunch_2024_Claim-rechts_CMYK-scaled.jpg\" \/>\n<meta name=\"twitter:card\" content=\"summary_large_image\" \/>\n<meta name=\"twitter:label1\" content=\"Gesch\u00e4tzte Lesezeit\" \/>\n\t<meta name=\"twitter:data1\" content=\"8\u00a0Minuten\" \/>\n<script type=\"application\/ld+json\" class=\"yoast-schema-graph\">{\"@context\":\"https:\\\/\\\/schema.org\",\"@graph\":[{\"@type\":\"WebPage\",\"@id\":\"https:\\\/\\\/pfi-germany.de\\\/de\\\/forschung-entwicklung\\\/gemeinnutzige-forschung\\\/\",\"url\":\"https:\\\/\\\/pfi-germany.de\\\/de\\\/forschung-entwicklung\\\/gemeinnutzige-forschung\\\/\",\"name\":\"PFI \u2013 Gemeinn\u00fctzige Forschung in Schuhtechnik & Biotechnologie\",\"isPartOf\":{\"@id\":\"https:\\\/\\\/pfi-germany.de\\\/de\\\/#website\"},\"primaryImageOfPage\":{\"@id\":\"https:\\\/\\\/pfi-germany.de\\\/de\\\/forschung-entwicklung\\\/gemeinnutzige-forschung\\\/#primaryimage\"},\"image\":{\"@id\":\"https:\\\/\\\/pfi-germany.de\\\/de\\\/forschung-entwicklung\\\/gemeinnutzige-forschung\\\/#primaryimage\"},\"thumbnailUrl\":\"https:\\\/\\\/pfi-germany.de\\\/wp-content\\\/uploads\\\/2025\\\/04\\\/AiF_Logo_Relaunch_2024_Claim-rechts_CMYK-scaled.jpg\",\"datePublished\":\"2024-12-02T19:12:32+00:00\",\"dateModified\":\"2025-07-08T14:06:54+00:00\",\"description\":\"Das PFI betreibt gemeinn\u00fctzige Forschung, ist Mitglied der AiF und Zuse-Gemeinschaft und engagiert sich in \u00f6ffentlich gef\u00f6rderten Forschungsprogrammen.\",\"breadcrumb\":{\"@id\":\"https:\\\/\\\/pfi-germany.de\\\/de\\\/forschung-entwicklung\\\/gemeinnutzige-forschung\\\/#breadcrumb\"},\"inLanguage\":\"de\",\"potentialAction\":[{\"@type\":\"ReadAction\",\"target\":[\"https:\\\/\\\/pfi-germany.de\\\/de\\\/forschung-entwicklung\\\/gemeinnutzige-forschung\\\/\"]}]},{\"@type\":\"ImageObject\",\"inLanguage\":\"de\",\"@id\":\"https:\\\/\\\/pfi-germany.de\\\/de\\\/forschung-entwicklung\\\/gemeinnutzige-forschung\\\/#primaryimage\",\"url\":\"https:\\\/\\\/pfi-germany.de\\\/wp-content\\\/uploads\\\/2025\\\/04\\\/AiF_Logo_Relaunch_2024_Claim-rechts_CMYK-scaled.jpg\",\"contentUrl\":\"https:\\\/\\\/pfi-germany.de\\\/wp-content\\\/uploads\\\/2025\\\/04\\\/AiF_Logo_Relaunch_2024_Claim-rechts_CMYK-scaled.jpg\"},{\"@type\":\"BreadcrumbList\",\"@id\":\"https:\\\/\\\/pfi-germany.de\\\/de\\\/forschung-entwicklung\\\/gemeinnutzige-forschung\\\/#breadcrumb\",\"itemListElement\":[{\"@type\":\"ListItem\",\"position\":1,\"name\":\"Home\",\"item\":\"https:\\\/\\\/pfi-germany.de\\\/\"},{\"@type\":\"ListItem\",\"position\":2,\"name\":\"Forschung &#038; Entwicklung\",\"item\":\"https:\\\/\\\/pfi-germany.de\\\/de\\\/forschung-entwicklung\\\/\"},{\"@type\":\"ListItem\",\"position\":3,\"name\":\"Gemeinn\u00fctzige Forschung\"}]},{\"@type\":\"WebSite\",\"@id\":\"https:\\\/\\\/pfi-germany.de\\\/de\\\/#website\",\"url\":\"https:\\\/\\\/pfi-germany.de\\\/de\\\/\",\"name\":\"PFI 2024\",\"description\":\"\",\"publisher\":{\"@id\":\"https:\\\/\\\/pfi-germany.de\\\/de\\\/#organization\"},\"potentialAction\":[{\"@type\":\"SearchAction\",\"target\":{\"@type\":\"EntryPoint\",\"urlTemplate\":\"https:\\\/\\\/pfi-germany.de\\\/de\\\/?s={search_term_string}\"},\"query-input\":{\"@type\":\"PropertyValueSpecification\",\"valueRequired\":true,\"valueName\":\"search_term_string\"}}],\"inLanguage\":\"de\"},{\"@type\":\"Organization\",\"@id\":\"https:\\\/\\\/pfi-germany.de\\\/de\\\/#organization\",\"name\":\"PFI 2024\",\"url\":\"https:\\\/\\\/pfi-germany.de\\\/de\\\/\",\"logo\":{\"@type\":\"ImageObject\",\"inLanguage\":\"de\",\"@id\":\"https:\\\/\\\/pfi-germany.de\\\/de\\\/#\\\/schema\\\/logo\\\/image\\\/\",\"url\":\"https:\\\/\\\/pfi-germany.de\\\/wp-content\\\/uploads\\\/2024\\\/09\\\/logo.jpg\",\"contentUrl\":\"https:\\\/\\\/pfi-germany.de\\\/wp-content\\\/uploads\\\/2024\\\/09\\\/logo.jpg\",\"width\":329,\"height\":120,\"caption\":\"PFI 2024\"},\"image\":{\"@id\":\"https:\\\/\\\/pfi-germany.de\\\/de\\\/#\\\/schema\\\/logo\\\/image\\\/\"},\"sameAs\":[\"https:\\\/\\\/www.facebook.com\\\/people\\\/Pruef-und-Forschungsinstitut-Pirmasens-e-V\\\/100057088164342\\\/\",\"https:\\\/\\\/www.instagram.com\\\/pfi_germany\\\/\",\"https:\\\/\\\/www.youtube.com\\\/channel\\\/UCITCYhey0fqJRRjiH7Gw3sg\",\"https:\\\/\\\/de.linkedin.com\\\/company\\\/pfi-germany\"]}]}<\/script>\n<!-- \/ Yoast SEO plugin. -->","yoast_head_json":{"title":"PFI \u2013 Gemeinn\u00fctzige Forschung in Schuhtechnik & Biotechnologie","description":"Das PFI betreibt gemeinn\u00fctzige Forschung, ist Mitglied der AiF und Zuse-Gemeinschaft und engagiert sich in \u00f6ffentlich gef\u00f6rderten Forschungsprogrammen.","robots":{"index":"index","follow":"follow","max-snippet":"max-snippet:-1","max-image-preview":"max-image-preview:large","max-video-preview":"max-video-preview:-1"},"canonical":"https:\/\/pfi-germany.de\/de\/forschung-entwicklung\/gemeinnutzige-forschung\/","og_locale":"de_DE","og_type":"article","og_title":"PFI \u2013 Gemeinn\u00fctzige Forschung in Schuhtechnik & Biotechnologie","og_description":"Das PFI betreibt gemeinn\u00fctzige Forschung, ist Mitglied der AiF und Zuse-Gemeinschaft und engagiert sich in \u00f6ffentlich gef\u00f6rderten Forschungsprogrammen.","og_url":"https:\/\/pfi-germany.de\/de\/forschung-entwicklung\/gemeinnutzige-forschung\/","og_site_name":"Pr\u00fcf- und Forschungsinstitut Pirmasens e.V.","article_publisher":"https:\/\/www.facebook.com\/people\/Pruef-und-Forschungsinstitut-Pirmasens-e-V\/100057088164342\/","article_modified_time":"2025-07-08T14:06:54+00:00","og_image":[{"url":"https:\/\/pfi-germany.de\/wp-content\/uploads\/2025\/04\/AiF_Logo_Relaunch_2024_Claim-rechts_CMYK-scaled.jpg","type":"","width":"","height":""}],"twitter_card":"summary_large_image","twitter_misc":{"Gesch\u00e4tzte Lesezeit":"8\u00a0Minuten"},"schema":{"@context":"https:\/\/schema.org","@graph":[{"@type":"WebPage","@id":"https:\/\/pfi-germany.de\/de\/forschung-entwicklung\/gemeinnutzige-forschung\/","url":"https:\/\/pfi-germany.de\/de\/forschung-entwicklung\/gemeinnutzige-forschung\/","name":"PFI \u2013 Gemeinn\u00fctzige Forschung in Schuhtechnik & Biotechnologie","isPartOf":{"@id":"https:\/\/pfi-germany.de\/de\/#website"},"primaryImageOfPage":{"@id":"https:\/\/pfi-germany.de\/de\/forschung-entwicklung\/gemeinnutzige-forschung\/#primaryimage"},"image":{"@id":"https:\/\/pfi-germany.de\/de\/forschung-entwicklung\/gemeinnutzige-forschung\/#primaryimage"},"thumbnailUrl":"https:\/\/pfi-germany.de\/wp-content\/uploads\/2025\/04\/AiF_Logo_Relaunch_2024_Claim-rechts_CMYK-scaled.jpg","datePublished":"2024-12-02T19:12:32+00:00","dateModified":"2025-07-08T14:06:54+00:00","description":"Das PFI betreibt gemeinn\u00fctzige Forschung, ist Mitglied der AiF und Zuse-Gemeinschaft und engagiert sich in \u00f6ffentlich gef\u00f6rderten Forschungsprogrammen.","breadcrumb":{"@id":"https:\/\/pfi-germany.de\/de\/forschung-entwicklung\/gemeinnutzige-forschung\/#breadcrumb"},"inLanguage":"de","potentialAction":[{"@type":"ReadAction","target":["https:\/\/pfi-germany.de\/de\/forschung-entwicklung\/gemeinnutzige-forschung\/"]}]},{"@type":"ImageObject","inLanguage":"de","@id":"https:\/\/pfi-germany.de\/de\/forschung-entwicklung\/gemeinnutzige-forschung\/#primaryimage","url":"https:\/\/pfi-germany.de\/wp-content\/uploads\/2025\/04\/AiF_Logo_Relaunch_2024_Claim-rechts_CMYK-scaled.jpg","contentUrl":"https:\/\/pfi-germany.de\/wp-content\/uploads\/2025\/04\/AiF_Logo_Relaunch_2024_Claim-rechts_CMYK-scaled.jpg"},{"@type":"BreadcrumbList","@id":"https:\/\/pfi-germany.de\/de\/forschung-entwicklung\/gemeinnutzige-forschung\/#breadcrumb","itemListElement":[{"@type":"ListItem","position":1,"name":"Home","item":"https:\/\/pfi-germany.de\/"},{"@type":"ListItem","position":2,"name":"Forschung &#038; Entwicklung","item":"https:\/\/pfi-germany.de\/de\/forschung-entwicklung\/"},{"@type":"ListItem","position":3,"name":"Gemeinn\u00fctzige Forschung"}]},{"@type":"WebSite","@id":"https:\/\/pfi-germany.de\/de\/#website","url":"https:\/\/pfi-germany.de\/de\/","name":"PFI 2024","description":"","publisher":{"@id":"https:\/\/pfi-germany.de\/de\/#organization"},"potentialAction":[{"@type":"SearchAction","target":{"@type":"EntryPoint","urlTemplate":"https:\/\/pfi-germany.de\/de\/?s={search_term_string}"},"query-input":{"@type":"PropertyValueSpecification","valueRequired":true,"valueName":"search_term_string"}}],"inLanguage":"de"},{"@type":"Organization","@id":"https:\/\/pfi-germany.de\/de\/#organization","name":"PFI 2024","url":"https:\/\/pfi-germany.de\/de\/","logo":{"@type":"ImageObject","inLanguage":"de","@id":"https:\/\/pfi-germany.de\/de\/#\/schema\/logo\/image\/","url":"https:\/\/pfi-germany.de\/wp-content\/uploads\/2024\/09\/logo.jpg","contentUrl":"https:\/\/pfi-germany.de\/wp-content\/uploads\/2024\/09\/logo.jpg","width":329,"height":120,"caption":"PFI 2024"},"image":{"@id":"https:\/\/pfi-germany.de\/de\/#\/schema\/logo\/image\/"},"sameAs":["https:\/\/www.facebook.com\/people\/Pruef-und-Forschungsinstitut-Pirmasens-e-V\/100057088164342\/","https:\/\/www.instagram.com\/pfi_germany\/","https:\/\/www.youtube.com\/channel\/UCITCYhey0fqJRRjiH7Gw3sg","https:\/\/de.linkedin.com\/company\/pfi-germany"]}]}},"_links":{"self":[{"href":"https:\/\/pfi-germany.de\/de\/wp-json\/wp\/v2\/pages\/880","targetHints":{"allow":["GET"]}}],"collection":[{"href":"https:\/\/pfi-germany.de\/de\/wp-json\/wp\/v2\/pages"}],"about":[{"href":"https:\/\/pfi-germany.de\/de\/wp-json\/wp\/v2\/types\/page"}],"author":[{"embeddable":true,"href":"https:\/\/pfi-germany.de\/de\/wp-json\/wp\/v2\/users\/1"}],"replies":[{"embeddable":true,"href":"https:\/\/pfi-germany.de\/de\/wp-json\/wp\/v2\/comments?post=880"}],"version-history":[{"count":27,"href":"https:\/\/pfi-germany.de\/de\/wp-json\/wp\/v2\/pages\/880\/revisions"}],"predecessor-version":[{"id":6634,"href":"https:\/\/pfi-germany.de\/de\/wp-json\/wp\/v2\/pages\/880\/revisions\/6634"}],"up":[{"embeddable":true,"href":"https:\/\/pfi-germany.de\/de\/wp-json\/wp\/v2\/pages\/844"}],"wp:attachment":[{"href":"https:\/\/pfi-germany.de\/de\/wp-json\/wp\/v2\/media?parent=880"}],"curies":[{"name":"wp","href":"https:\/\/api.w.org\/{rel}","templated":true}]}}